{"id":1472,"date":"2017-08-25T19:43:55","date_gmt":"2017-08-25T17:43:55","guid":{"rendered":"http:\/\/tandcity.se\/sv\/?page_id=1472"},"modified":"2025-12-12T15:30:24","modified_gmt":"2025-12-12T14:30:24","slug":"tandlakare-malmo-priser","status":"publish","type":"page","link":"https:\/\/tandcity.se\/sv\/tandlakare-malmo-priser\/","title":{"rendered":"Tandv\u00e5rdspriser"},"content":{"rendered":"<div class=\"wpb-content-wrapper\"><div data-vc-full-width=\"true\" data-vc-full-width-init=\"false\" data-vc-stretch-content=\"true\" class=\"vc_row wpb_row vc_row-fluid fullwidth coverimage vc_custom_1618818148057 vc_row-has-fill vc_row-o-content-top vc_row-flex\"><div class=\"wpb_column vc_column_container vc_col-sm-12\"><div class=\"vc_column-inner\"><div class=\"wpb_wrapper\"><\/div><\/div><\/div><\/div><div class=\"vc_row-full-width vc_clearfix\"><\/div><div class=\"vc_row wpb_row vc_row-fluid\"><div class=\"wpb_column vc_column_container vc_col-sm-12\"><div class=\"vc_column-inner\"><div class=\"wpb_wrapper\">\n\t<div class=\"wpb_text_column wpb_content_element  introtext\" >\n\t\t<div class=\"wpb_wrapper\">\n\t\t\t<h1>Behandla akuta besv\u00e4r till bra priser hos TandCity &#8211; Din tandl\u00e4kare i Malm\u00f6<\/h1>\n<p>V\u00e5rt huvudm\u00e5l p\u00e5 TandCity \u00e4r att ge h\u00f6gkvalitativ tandv\u00e5rd till ett bra pris. Med v\u00e5r\u00a0toppmoderna utrustning, v\u00e5r duktiga personal och de skickligaste tandteknikerna i\u00a0Sverige kan vi se till att alltid ge h\u00f6gklassig standard. En n\u00f6jd kund kommer tillbaka!<\/p>\n\n\t\t<\/div>\n\t<\/div>\n<\/div><\/div><\/div><\/div><div class=\"vc_row wpb_row vc_row-fluid\"><div class=\"wpb_column vc_column_container vc_col-sm-6\"><div class=\"vc_column-inner\"><div class=\"wpb_wrapper\">\n\t<div class=\"wpb_text_column wpb_content_element \" >\n\t\t<div class=\"wpb_wrapper\">\n\t\t\t<p>Vi vet att vi utf\u00f6r bra arbeten till r\u00e4ttvisa priser f\u00f6r v\u00e5r tandv\u00e5rd och har d\u00e4rf\u00f6r inga problem med att vara transparenta med behandlingspriserna f\u00f6r v\u00e5ra billig tandl\u00e4kare och tandhygienister. Vi \u00e4r sj\u00e4lvklart anslutna till F\u00f6rs\u00e4kringskassan vilket inneb\u00e4r att du kan anv\u00e4nda dig av det allm\u00e4nna tandv\u00e5rdsbidraget (ATB) och har tillg\u00e5ng till h\u00f6gkostnadsskyddet precis p\u00e5 samma s\u00e4tt som hos andra billig tandl\u00e4kare.<\/p>\n<p>V\u00e5ra <a href=\"https:\/\/tandcity.se\/sv\/\">tandl\u00e4kare i Malm\u00f6<\/a> arbetar alltid med patienten i fokus och utg\u00e5r alltid fr\u00e5n att varje patient \u00e4r unik. Tillsammans kommer vi fram till den b\u00e4sta l\u00f6sningen f\u00f6r just dig, b\u00e5de ur behandlingsm\u00e4ssig och ekonomisk synpunkt. Faktorer som p\u00e5verkar behandlingskostnaden f\u00f6r v\u00e5ra tandl\u00e4kare och tandhygienister \u00e4r din \u00e5lder samt vilka unders\u00f6kningar och behandlingar som beh\u00f6vs. Hos oss f\u00e5r du reda p\u00e5 kostnaden f\u00f6r behandlingen redan innan den p\u00e5b\u00f6rjas.<\/p>\n\n\t\t<\/div>\n\t<\/div>\n<\/div><\/div><\/div><div class=\"wpb_column vc_column_container vc_col-sm-6\"><div class=\"vc_column-inner\"><div class=\"wpb_wrapper\">\n\t<div  class=\"wpb_single_image wpb_content_element vc_align_left\">\n\t\t\n\t\t<figure class=\"wpb_wrapper vc_figure\">\n\t\t\t<div class=\"vc_single_image-wrapper   vc_box_border_grey\"><img loading=\"lazy\" decoding=\"async\" width=\"473\" height=\"314\" src=\"https:\/\/tandcity.se\/wp-content\/uploads\/2017\/08\/tandlakar-priser-malmo.jpg\" class=\"vc_single_image-img attachment-full\" alt=\"Tandv\u00e5rdspriser i Malm\u00f6 -TandCity\" title=\"L\u00e5ga tandv\u00e5rdspriser hos Tandcity\" srcset=\"https:\/\/tandcity.se\/wp-content\/uploads\/2017\/08\/tandlakar-priser-malmo.jpg 473w, https:\/\/tandcity.se\/wp-content\/uploads\/2017\/08\/tandlakar-priser-malmo-300x199.jpg 300w, https:\/\/tandcity.se\/wp-content\/uploads\/2017\/08\/tandlakar-priser-malmo-272x182.jpg 272w\" sizes=\"auto, (max-width: 473px) 100vw, 473px\" \/><\/div>\n\t\t<\/figure>\n\t<\/div>\n<\/div><\/div><\/div><\/div><div class=\"vc_row wpb_row vc_row-fluid\"><div class=\"wpb_column vc_column_container vc_col-sm-12\"><div class=\"vc_column-inner\"><div class=\"wpb_wrapper\">\n\t<div class=\"wpb_text_column wpb_content_element \" >\n\t\t<div class=\"wpb_wrapper\">\n\t\t\t\n\t\t<\/div>\n\t<\/div>\n\n\t<div class=\"wpb_text_column wpb_content_element \" >\n\t\t<div class=\"wpb_wrapper\">\n\t\t\t<h2>Statligt tandv\u00e5rdsst\u00f6d<\/h2>\n<p>Du har r\u00e4tt till fri tandv\u00e5rd till och med det \u00e5r du fyller 19 \u00e5r. D\u00e4remot f\u00e5r du ekonomisk hj\u00e4lp i form av det statliga tandv\u00e5rdsst\u00f6det som best\u00e5r av tre delar:<\/p>\n<ul>\n<li>Allm\u00e4nt tandv\u00e5rdsbidrag<\/li>\n<li>S\u00e4rskilt tandv\u00e5rdsbidrag<\/li>\n<li>H\u00f6gkostnadsskydd<\/li>\n<\/ul>\n\n\t\t<\/div>\n\t<\/div>\n<\/div><\/div><\/div><\/div><div class=\"vc_row wpb_row vc_row-fluid\"><div class=\"wpb_column vc_column_container vc_col-sm-6\"><div class=\"vc_column-inner\"><div class=\"wpb_wrapper\">\n\t<div  class=\"wpb_single_image wpb_content_element vc_align_left\">\n\t\t\n\t\t<figure class=\"wpb_wrapper vc_figure\">\n\t\t\t<div class=\"vc_single_image-wrapper   vc_box_border_grey\"><img loading=\"lazy\" decoding=\"async\" width=\"2048\" height=\"3072\" src=\"https:\/\/tandcity.se\/wp-content\/uploads\/2017\/08\/E4A9457_tandcity_2.jpg\" class=\"vc_single_image-img attachment-full\" alt=\"Women Visit Tandcity\" title=\"Women Visit Tandcity\" srcset=\"https:\/\/tandcity.se\/wp-content\/uploads\/2017\/08\/E4A9457_tandcity_2.jpg 2048w, https:\/\/tandcity.se\/wp-content\/uploads\/2017\/08\/E4A9457_tandcity_2-200x300.jpg 200w, https:\/\/tandcity.se\/wp-content\/uploads\/2017\/08\/E4A9457_tandcity_2-768x1152.jpg 768w, https:\/\/tandcity.se\/wp-content\/uploads\/2017\/08\/E4A9457_tandcity_2-683x1024.jpg 683w, https:\/\/tandcity.se\/wp-content\/uploads\/2017\/08\/E4A9457_tandcity_2-320x480.jpg 320w, https:\/\/tandcity.se\/wp-content\/uploads\/2017\/08\/E4A9457_tandcity_2-33x50.jpg 33w\" sizes=\"auto, (max-width: 2048px) 100vw, 2048px\" \/><\/div>\n\t\t<\/figure>\n\t<\/div>\n<\/div><\/div><\/div><div class=\"wpb_column vc_column_container vc_col-sm-6\"><div class=\"vc_column-inner\"><div class=\"wpb_wrapper\">\n\t<div class=\"wpb_text_column wpb_content_element \" >\n\t\t<div class=\"wpb_wrapper\">\n\t\t\t<p>Den f\u00f6rsta delen \u00e4r det <em>allm\u00e4nna tandv\u00e5rdsbidraget (ATB) <\/em>d\u00e4r bidragets storlek \u00e4r\u00a0beroende av din \u00e5lder. Det allm\u00e4nna tandv\u00e5rdsbidraget tillh\u00f6r patienten men betalas\u00a0ut till billig tandl\u00e4karen eller tandhygienisten. Hela bidraget m\u00e5ste anv\u00e4ndas vid ett tillf\u00e4lle\u00a0och det \u00e4r patienten som best\u00e4mmer om och n\u00e4r det ska anv\u00e4ndas f\u00f6r att betala en\u00a0del av kostnaden f\u00f6r behandlingen.<\/p>\n<p>Den 1. juli varje \u00e5r f\u00e5r man ett nytt tandv\u00e5rdsbidrag och det \u00e4r m\u00f6jligt att spara\u00a0bidraget fr\u00e5n ett \u00e5r och anv\u00e4nda det tillsammans med det nya bidraget \u00e5ret efter,\u00a0samtidigt eller vid olika tillf\u00e4llen. Det g\u00e5r inte att spara fler \u00e4n tv\u00e5 bidrag, d\u00e4refter\u00a0f\u00f6rsvinner ett av de tidigare bidragen och ers\u00e4tts av ett nytt.<\/p>\n<ul>\n<li>Fr\u00e5n och med det \u00e5r du fyller 20 \u00e5r till och med det \u00e5r du fyller 29 \u00e5r \u00e4r bidraget 600 kr\/\u00e5r.<\/li>\n<li>Fr\u00e5n och med det \u00e5r du fyller 30 och till och med det \u00e5r du fyller 64 \u00e4r bidraget 300 kr\/\u00e5r.<\/li>\n<li>Fr\u00e5n och med det \u00e5r du fyller 65 \u00e4r bidraget 600 kr\/\u00e5r.<\/li>\n<\/ul>\n\n\t\t<\/div>\n\t<\/div>\n<\/div><\/div><\/div><\/div><div class=\"vc_row wpb_row vc_row-fluid\"><div class=\"wpb_column vc_column_container vc_col-sm-12\"><div class=\"vc_column-inner\"><div class=\"wpb_wrapper\">\n\t<div class=\"wpb_text_column wpb_content_element \" >\n\t\t<div class=\"wpb_wrapper\">\n\t\t\t<p>Det finns \u00e4ven ett <em>s\u00e4rskilt tandv\u00e5rdsst\u00f6d (STB) <\/em>som \u00e4r p\u00e5 600 kronor per halv\u00e5r.\u00a0Detta \u00e4r till f\u00f6r m\u00e4nniskor med sjukdomar eller funktionsneds\u00e4ttningar som p\u00e5verkar\u00a0t\u00e4nder och munh\u00e5la negativt och kr\u00e4ver oftast ett l\u00e4karintyg.Den tredje delen av det statliga tandv\u00e5rdsst\u00f6det kallas <em>h\u00f6gkostnadsskydd <\/em>och\u00a0inneb\u00e4r att patienten f\u00e5r ekonomisk hj\u00e4lp vid betalning av st\u00f6rre behandlingar.\u00a0Patienten beh\u00f6ver p\u00e5 s\u00e5 s\u00e4tt inte st\u00e5 f\u00f6r hela kostnaden sj\u00e4lv.\u00a0F\u00f6rs\u00e4kringskassan\u00a0betalar ut ers\u00e4ttningen f\u00f6r resterande del av behandlingskostnaden direkt till\u00a0billig tandl\u00e4karen eller tandhygienisten. Detta skydd b\u00f6rjar g\u00e4lla d\u00e5 den sammanlagda kostnaden vid ett bes\u00f6k hos tandl\u00e4karen (ber\u00e4knat p\u00e5 referenspriset) \u00f6verstiger 3000 kronor under en 12-m\u00e5nadersperiod. Du f\u00e5r d\u00e5 ett avdrag p\u00e5 d\u00e4r storleken p\u00e5 avdraget beror p\u00e5 hur h\u00f6g totalkostnaden blir.<\/p>\n<ul>\n<li>F\u00f6r tandv\u00e5rdskostnader med ett referenspris upp till 3 000 kronor f\u00e5r du ingen ers\u00e4ttning utan betalar sj\u00e4lv fullt tandv\u00e5rdspris.<\/li>\n<li>F\u00f6r tandv\u00e5rdskostnader med ett referenspris mellan 3 000-15 000 kronor f\u00e5r du 50 procent i ers\u00e4ttning.<\/li>\n<li>F\u00f6r tandv\u00e5rdskostnader med ett referenspris \u00f6ver 15 000 kronor f\u00e2r du 85 procent i ers\u00e4ttning.<\/li>\n<\/ul>\n<p>Estetisk tandv\u00e5rd, s\u00e5som tandblekning, ing\u00e5r inte i det statliga tandv\u00e5rdsst\u00f6det och\u00a0ers\u00e4tts ej.<\/p>\n<h2><span style=\"font-weight: 400;\">Vad kostar det att laga en trasig tand?<\/span><\/h2>\n<p><span style=\"font-weight: 400;\">En av de vanligaste tand\u00e5kommorna vi st\u00f6ter p\u00e5 \u00e4r trasiga t\u00e4nder. Beroende p\u00e5 hur allvarlig skadan \u00e4r kan en eller flera behandlingar beh\u00f6va genomf\u00f6ras. \u00c4r till exempel tanden s\u00e5pass trasig att den inte g\u00e5r att reparera kan den beh\u00f6va dras ut. S\u00e5 svaret p\u00e5 fr\u00e5gan <\/span><span style=\"font-weight: 400;\">vad det kostar att laga en tand <\/span><span style=\"font-weight: 400;\">\u00e4r tyv\u00e4rr inte entydig utan beror helt och h\u00e5llet p\u00e5 skadans omfattning.<\/span><\/p>\n<p>Innan du p\u00e5b\u00f6rjar din behandling hos oss kan du alltid fr\u00e5ga oss om priserna f\u00f6r att bes\u00f6ka v\u00e5ra tandl\u00e4kare eller tandhygienister <a href=\"http:\/\/tandcity.se\/sv\/tandlakare-malmo\/\" target=\"_blank\" rel=\"noopener noreferrer\">i Malm\u00f6<\/a> och vad specifika behandlingar kostar. Nedan ser du tandv\u00e5rdspriserna f\u00f6r ett urval av de vanligaste behandlingarna i v\u00e5rt utbud. Vi reserverar oss f\u00f6r eventuella fel i prislistan.<\/p>\n\n\t\t<\/div>\n\t<\/div>\n<\/div><\/div><\/div><\/div><div class=\"vc_row wpb_row vc_row-fluid\"><div class=\"wpb_column vc_column_container vc_col-sm-12\"><div class=\"vc_column-inner\"><div class=\"wpb_wrapper\">\n\t<div class=\"wpb_text_column wpb_content_element \" >\n\t\t<div class=\"wpb_wrapper\">\n\t\t\t\n\t\t<\/div>\n\t<\/div>\n\n\t<div class=\"wpb_text_column wpb_content_element \" >\n\t\t<div class=\"wpb_wrapper\">\n\t\t\t<h2>Priser f\u00f6r tandv\u00e5rd utf\u00f6rd av tandl\u00e4kare och tandhygienist hos Tandcity<\/h2>\n<table class=\"table-style1\">\n<tbody>\n<tr>\n<th>Unders\u00f6kningstyper<\/th>\n<th>Pris<\/th>\n<\/tr>\n<tr>\n<td>Basunders\u00f6kning och diagnostik, utf\u00f6rd av tandl\u00e4kare<\/td>\n<td>1100<\/td>\n<\/tr>\n<tr>\n<td>Basunders\u00f6kning med fullst\u00e4ndig parodontal unders\u00f6kning, utf\u00f6rd av tandhygienist<\/td>\n<td>\u00a01285<\/td>\n<\/tr>\n<tr>\n<td>Akut eller kompletterande unders\u00f6kning, utf\u00f6rd av tandl\u00e4kare<\/td>\n<td>\u00a0619<\/td>\n<\/tr>\n<tr>\n<td>Omfattande akut eller kompletterande unders\u00f6kning, utf\u00f6rd av tandl\u00e4kare<\/td>\n<td>1 275<\/td>\n<\/tr>\n<tr>\n<td>Utredning inklusive unders\u00f6kning, utf\u00f6rd av tandl\u00e4kare<\/td>\n<td>2060<\/td>\n<\/tr>\n<tr>\n<td>Akut eller annan unders\u00f6kning, utf\u00f6rd av tandhygienist<\/td>\n<td>535<\/td>\n<\/tr>\n<tr>\n<td>Kompletterande parodontal unders\u00f6kning eller kariesutredning, utf\u00f6rd av tandhygienist<\/td>\n<td>\u00a0785<\/td>\n<\/tr>\n<\/tbody>\n<\/table>\n<table class=\"table-style1\">\n<tbody>\n<tr>\n<th>R\u00f6ntgenunders\u00f6kningar<\/th>\n<th>Pris<\/th>\n<\/tr>\n<tr>\n<td>R\u00f6ntgenunders\u00f6kning av enskild tand<\/td>\n<td>\u00a070<\/td>\n<\/tr>\n<tr>\n<td>R\u00f6ntgenunders\u00f6kning, delstatus<\/td>\n<td>\u00a0246<\/td>\n<\/tr>\n<tr>\n<td>R\u00f6ntgenunders\u00f6kning, helstatus<\/td>\n<td>960<\/td>\n<\/tr>\n<tr>\n<td>Panoramar\u00f6ntgenunders\u00f6kning<\/td>\n<td>\u00a0625<\/td>\n<\/tr>\n<\/tbody>\n<\/table>\n<table class=\"table-style1\">\n<tbody>\n<tr>\n<th>F\u00f6rebyggande v\u00e5rd<\/th>\n<th>Pris<\/th>\n<\/tr>\n<tr>\n<td>Profylaxskena, per skena<\/td>\n<td>1135<\/td>\n<\/tr>\n<tr>\n<td>Fluorbehandling inklusive professionell tandreng\u00f6ring<\/td>\n<td>\u00a0485<\/td>\n<\/tr>\n<tr>\n<td>Mekaniskt avl\u00e4gsnande av supragingival tandsten<\/td>\n<td>\u00a0375<\/td>\n<\/tr>\n<tr>\n<td>Mekaniskt avl\u00e4gsnande av supragingival tandsten, omfattande<\/td>\n<td>735<\/td>\n<\/tr>\n<tr>\n<td>Mekaniskt avl\u00e4gsnande av supragingival tandsten, s\u00e4rskilt tidskr\u00e4vande<\/td>\n<td>\u00a01145<\/td>\n<\/tr>\n<\/tbody>\n<\/table>\n<table class=\"table-style1\">\n<tbody>\n<tr>\n<th>Sjukdomsbehandlande thyg<\/th>\n<th>Pris<\/th>\n<\/tr>\n<tr>\n<td>Behandling av parodontal sjukdom eller periimplantit, mindre omfattning<\/td>\n<td>\u00a0735<\/td>\n<\/tr>\n<tr>\n<td>Behandling av parodontal sjukdom eller periimplantit, st\u00f6rre omfattning<\/td>\n<td>\u00a01430<\/td>\n<\/tr>\n<tr>\n<td>Behandling av parodontal sjukdom eller periimplantit, s\u00e4rskilt tidskr\u00e4vande<\/td>\n<td>2165<\/td>\n<\/tr>\n<\/tbody>\n<\/table>\n<table class=\"table-style1\">\n<tbody>\n<tr>\n<th>Extraktion<\/th>\n<th>Pris<\/th>\n<\/tr>\n<tr>\n<td>Tanduttagning, en tand<\/td>\n<td>\u00a01280<\/td>\n<\/tr>\n<tr>\n<td>Tanduttagning, n\u00e4r separation eller fril\u00e4ggning kr\u00e4vs, en tand<\/td>\n<td>\u00a01820<\/td>\n<\/tr>\n<tr>\n<td>Tanduttagning, tillkommande enkel<\/td>\n<td>\u00a0510<\/td>\n<\/tr>\n<tr>\n<td>Kirurgiskt avl\u00e4gsnande av en eller flera t\u00e4nder i samma kvadrant<\/td>\n<td>4472<\/td>\n<\/tr>\n<\/tbody>\n<\/table>\n<table class=\"table-style1\">\n<tbody>\n<tr>\n<th>Rotbehandling<\/th>\n<th>Pris<\/th>\n<\/tr>\n<tr>\n<td>Rensning och rotfyllning, en rotkanal<\/td>\n<td>4105<\/td>\n<\/tr>\n<tr>\n<td>Rensning och rotfyllning, tv\u00e5 rotkanaler<\/td>\n<td>4955<\/td>\n<\/tr>\n<tr>\n<td>Rensning och rotfyllning, tre rotkanaler<\/td>\n<td>6225<\/td>\n<\/tr>\n<tr>\n<td>Rensning och rotfyllning, fyra eller fler rotkanaler<\/td>\n<td>6790<\/td>\n<\/tr>\n<tr>\n<td>Akut rotbehandling<\/td>\n<td>950<\/td>\n<\/tr>\n<\/tbody>\n<\/table>\n<table class=\"table-style1\">\n<tbody>\n<tr>\n<th>Fyllningar<\/th>\n<th>Pris<\/th>\n<\/tr>\n<tr>\n<td>Fyllning av en yta p\u00e5 framtand eller h\u00f6rntand<\/td>\n<td>730<\/td>\n<\/tr>\n<tr>\n<td>Fyllning av tv\u00e5 ytor p\u00e5 framtand eller h\u00f6rntand<\/td>\n<td>1160<\/td>\n<\/tr>\n<tr>\n<td>Fyllning av tre eller fler ytor p\u00e5 framtand eller h\u00f6rntand<\/td>\n<td>1420<\/td>\n<\/tr>\n<tr>\n<td>Fyllning av en yta p\u00e5 molar eller premolar<\/td>\n<td>940<\/td>\n<\/tr>\n<tr>\n<td>Fyllning av tv\u00e5 tor p\u00e5 molar eller premolar<\/td>\n<td>1508<\/td>\n<\/tr>\n<tr>\n<td>Fyllning av tre eller fler ytor p\u00e5 molar eller premolar<\/td>\n<td>1870<\/td>\n<\/tr>\n<\/tbody>\n<\/table>\n<table class=\"table-style1\">\n<tbody>\n<tr>\n<th>Bettfysiologi<\/th>\n<th>Pris<\/th>\n<\/tr>\n<tr>\n<td>Bettskena i h\u00e5rd akrylat i \u00f6verk\u00e4ken, utf\u00f6rd p\u00e5 bettfysiologisk indikation, per skena<\/td>\n<td>4370<\/td>\n<\/tr>\n<tr>\n<td>Bettskena i h\u00e5rd akrylat i underk\u00e4ken, utf\u00f6rd p\u00e5 bettfysiologisk indikation, per skena<\/td>\n<td>4370<\/td>\n<\/tr>\n<\/tbody>\n<\/table>\n<table class=\"table-style1\">\n<tbody>\n<tr>\n<th>Protetik\/Krona\/Bro<\/th>\n<th>Pris<\/th>\n<\/tr>\n<tr>\n<td>Permanent tandst\u00f6dd krona, en per k\u00e4ke<\/td>\n<td>6825<\/td>\n<\/tr>\n<\/tbody>\n<\/table>\n<table class=\"table-style1\" style=\"height: 264px;\" width=\"436\">\n<tbody>\n<tr>\n<th>Blekning<\/th>\n<th>Pris<\/th>\n<\/tr>\n<tr>\n<td>Hemmablek<\/td>\n<td>3500<\/td>\n<\/tr>\n<tr>\n<td>Klinikblek<\/td>\n<td>5500<\/td>\n<\/tr>\n<tr>\n<td>Tandsmycke<\/td>\n<td>\u00a0850<\/td>\n<\/tr>\n<tr>\n<td>Fasts\u00e4ttning av smycke n\u00e4r patient har eget<\/td>\n<td>\u00a0500<\/td>\n<\/tr>\n<tr>\n<td>Implantat (cirka pris per implantat)<\/td>\n<td>ca 16.000 m FK,<br \/>\nca 20-24.000<br \/>\nutan FK<\/td>\n<\/tr>\n<tr>\n<td>Invisalign<\/td>\n<td>40.000<\/td>\n<\/tr>\n<\/tbody>\n<\/table>\n\n\t\t<\/div>\n\t<\/div>\n<\/div><\/div><\/div><\/div><div data-vc-full-width=\"true\" data-vc-full-width-init=\"false\" class=\"vc_row wpb_row vc_row-fluid fullwidth booking_section_responsive vc_custom_1529584935555 vc_row-has-fill vc_row-o-equal-height vc_row-flex\"><div class=\"wpb_column vc_column_container vc_col-sm-12\"><div class=\"vc_column-inner\"><div class=\"wpb_wrapper\">\n\t<div class=\"wpb_text_column wpb_content_element \" >\n\t\t<div class=\"wpb_wrapper\">\n\t\t\t<h2><span style=\"color: #ffffff;\">TandCity \u2013 akut tandv\u00e5rd i Malm\u00f6<\/span><\/h2>\n<p class=\"subtext_online\">\u00c4r du i behov av en akuttid eller vill du av n\u00e5gon annan anledning f\u00e5 en tid snabbt?<\/p>\n<p>&nbsp;<\/p>\n<h4><span style=\"color: #ffffff;\">Bara lugn, vi hj\u00e4lper dig. Vi f\u00f6rst\u00e5r att vissa saker inte kan v\u00e4nta och ser till att du f\u00e5r en tid s\u00e5 fort som m\u00f6jligt. H\u00f6r av dig till oss p\u00e5 telefonnummer 040 23 66 00 eller boka din tid online. Varmt v\u00e4lkommen!<\/span><\/h4>\n\n\t\t<\/div>\n\t<\/div>\n<div class=\"vc_btn3-container  tandcitygreen vc_btn3-inline vc_custom_1585900026592\" ><a class=\"vc_general vc_btn3 vc_btn3-size-lg vc_btn3-shape-rounded vc_btn3-style-modern vc_btn3-color-green\" href=\"http:\/\/tandcity.se\/sv\/boka-tid-online\/\" title=\"Best\u00e4ll tid online\" target=\"_blank\" onclick=\"ga(&#039;send&#039;, &#039;event&#039;, &#039;button&#039;, &#039;click&#039;, &#039;bottom-banner-sv&#039;);\">Best\u00e4ll tid online<\/a><\/div><\/div><\/div><\/div><\/div><div class=\"vc_row-full-width vc_clearfix\"><\/div>\n<\/div>","protected":false},"excerpt":{"rendered":"Behandla akuta besv\u00e4r till bra priser hos TandCity - Din tandl\u00e4kare i Malm\u00f6 V\u00e5rt huvudm\u00e5l p\u00e5 TandCity \u00e4r att ge <a href=\"https:\/\/tandcity.se\/sv\/tandlakare-malmo-priser\/\" class=\"more-link\">\u2026 <span class=\"screen-reader-text\">  Tandv\u00e5rdspriser<\/span><\/a>","protected":false},"author":24,"featured_media":0,"parent":0,"menu_order":0,"comment_status":"closed","ping_status":"closed","template":"","meta":{"footnotes":""},"class_list":["post-1472","page","type-page","status-publish"],"yoast_head":"<!-- This site is optimized with the Yoast SEO plugin v25.5 - https:\/\/yoast.com\/wordpress\/plugins\/seo\/ -->\n<title>Billig Tandl\u00e4kare | Priser &amp; Behandlingar | TandCity<\/title>\n<meta name=\"description\" content=\"S\u00f6ker du en billig tandl\u00e4kare till ett bra pris i Malm\u00f6? Kontakta TandCity eller bes\u00f6k v\u00e5r hemsida f\u00f6r att boka en tandv\u00e5rdsbehandling redan idag.\" \/>\n<meta name=\"robots\" content=\"index, follow, max-snippet:-1, max-image-preview:large, max-video-preview:-1\" \/>\n<link rel=\"canonical\" href=\"https:\/\/tandcity.se\/sv\/tandlakare-malmo-priser\/\" \/>\n<meta name=\"twitter:label1\" content=\"Ber\u00e4knad l\u00e4stid\" \/>\n\t<meta name=\"twitter:data1\" content=\"6 minuter\" \/>\n<!-- \/ Yoast SEO plugin. -->","yoast_head_json":{"title":"Billig Tandl\u00e4kare | Priser & Behandlingar | TandCity","description":"S\u00f6ker du en billig tandl\u00e4kare till ett bra pris i Malm\u00f6? Kontakta TandCity eller bes\u00f6k v\u00e5r hemsida f\u00f6r att boka en tandv\u00e5rdsbehandling redan idag.","robots":{"index":"index","follow":"follow","max-snippet":"max-snippet:-1","max-image-preview":"max-image-preview:large","max-video-preview":"max-video-preview:-1"},"canonical":"https:\/\/tandcity.se\/sv\/tandlakare-malmo-priser\/","twitter_misc":{"Ber\u00e4knad l\u00e4stid":"6 minuter"},"schema":{"@context":"https:\/\/schema.org","@graph":[{"@type":"WebPage","@id":"https:\/\/tandcity.se\/tandlakare-malmo-priser\/","url":"https:\/\/tandcity.se\/tandlakare-malmo-priser\/","name":"Billig Tandl\u00e4kare | Priser & Behandlingar | TandCity","isPartOf":{"@id":"https:\/\/tandcity.se\/sv\/#website"},"datePublished":"2017-08-25T17:43:55+00:00","dateModified":"2025-12-12T14:30:24+00:00","description":"S\u00f6ker du en billig tandl\u00e4kare till ett bra pris i Malm\u00f6? Kontakta TandCity eller bes\u00f6k v\u00e5r hemsida f\u00f6r att boka en tandv\u00e5rdsbehandling redan idag.","breadcrumb":{"@id":"https:\/\/tandcity.se\/tandlakare-malmo-priser\/#breadcrumb"},"inLanguage":"sv-SE","potentialAction":[{"@type":"ReadAction","target":["https:\/\/tandcity.se\/tandlakare-malmo-priser\/"]}]},{"@type":"BreadcrumbList","@id":"https:\/\/tandcity.se\/tandlakare-malmo-priser\/#breadcrumb","itemListElement":[{"@type":"ListItem","position":1,"name":"Hjem","item":"https:\/\/tandcity.se\/en\/"},{"@type":"ListItem","position":2,"name":"Tandv\u00e5rdspriser"}]},{"@type":"WebSite","@id":"https:\/\/tandcity.se\/sv\/#website","url":"https:\/\/tandcity.se\/sv\/","name":"TandCity Malm\u00f6","description":"","potentialAction":[{"@type":"SearchAction","target":{"@type":"EntryPoint","urlTemplate":"https:\/\/tandcity.se\/sv\/?s={search_term_string}"},"query-input":{"@type":"PropertyValueSpecification","valueRequired":true,"valueName":"search_term_string"}}],"inLanguage":"sv-SE"}]}},"_links":{"self":[{"href":"https:\/\/tandcity.se\/sv\/wp-json\/wp\/v2\/pages\/1472","targetHints":{"allow":["GET"]}}],"collection":[{"href":"https:\/\/tandcity.se\/sv\/wp-json\/wp\/v2\/pages"}],"about":[{"href":"https:\/\/tandcity.se\/sv\/wp-json\/wp\/v2\/types\/page"}],"author":[{"embeddable":true,"href":"https:\/\/tandcity.se\/sv\/wp-json\/wp\/v2\/users\/24"}],"replies":[{"embeddable":true,"href":"https:\/\/tandcity.se\/sv\/wp-json\/wp\/v2\/comments?post=1472"}],"version-history":[{"count":32,"href":"https:\/\/tandcity.se\/sv\/wp-json\/wp\/v2\/pages\/1472\/revisions"}],"predecessor-version":[{"id":3502,"href":"https:\/\/tandcity.se\/sv\/wp-json\/wp\/v2\/pages\/1472\/revisions\/3502"}],"wp:attachment":[{"href":"https:\/\/tandcity.se\/sv\/wp-json\/wp\/v2\/media?parent=1472"}],"curies":[{"name":"wp","href":"https:\/\/api.w.org\/{rel}","templated":true}]}}